{"id":2824,"date":"2025-05-23T16:23:12","date_gmt":"2025-05-23T14:23:12","guid":{"rendered":"https:\/\/aturien-ev.de\/?post_type=tribe_events&#038;p=2824"},"modified":"2025-05-23T16:24:21","modified_gmt":"2025-05-23T14:24:21","slug":"tanztraining-vertiefung-renaissance","status":"publish","type":"tribe_events","link":"https:\/\/aturien-ev.de\/?tribe_events=tanztraining-vertiefung-renaissance","title":{"rendered":"Tanztraining &#8211; Vertiefung \/ Renaissance"},"content":{"rendered":"<div class=\"xdj266r x11i5rnm xat24cr x1mh8g0r x1vvkbs\">Vertiefungstanztraining: Renaissance<br class=\"html-br\" \/>Grundkenntnisse im Tanzbereich 14.\/15. Jhd. sind erw\u00fcnscht.<\/div>\n<div class=\"x11i5rnm xat24cr x1mh8g0r x1vvkbs xtlvy1s\">Anmeldung zwingend <a href=\"https:\/\/forms.office.com\/Pages\/ResponsePage.aspx?id=inHL5zpTSkmj1delQYQA87G8-PvXoC9PiodYWVGDKbZUQUhKTEhIWEJHTVJHMVBOQklOR0pXSkU5Mi4u&amp;fbclid=IwY2xjawKdZDhleHRuA2FlbQIxMAABHqXu6ST2sa5ro9lrEmzuJkawn7AbKtDK-J9Vg5Otef21Wb-mclKpIt14Qdau_aem_zGbZ2Jyv5eABEDJkUpu87w\"><strong>hier<\/strong><\/a><\/div>\n<div class=\"x11i5rnm xat24cr x1mh8g0r x1vvkbs xtlvy1s\"><br class=\"html-br\" \/>Sp\u00e4testens einen Tag vor dem Termin erhaltet Ihr eine Email mit den letzten Info zu der Veranstaltung. Eine zus\u00e4tzliche Anmeldebest\u00e4tigung im Vorfeld erfolgt nicht.<\/div>\n<div class=\"x11i5rnm xat24cr x1mh8g0r x1vvkbs xtlvy1s\">&#8212;&#8212;&#8212;&#8212;&#8212;&#8212;&#8212;&#8212;&#8212;&#8212;&#8212;&#8212;-<\/div>\n<div class=\"x11i5rnm xat24cr x1mh8g0r x1vvkbs xtlvy1s\">Hallo zusammen,<\/div>\n<div class=\"x11i5rnm xat24cr x1mh8g0r x1vvkbs xtlvy1s\">da wir doch nun Einige sind, die an Workshops oder auch an anderen angebotenen Veranstaltungen teilnehmen, welche historischen Ursprungs sind, haben wir uns folgende Gedanken dazu gemacht.<br class=\"html-br\" \/>Das offene Tanztraining bietet nicht immer die Gelegenheit solche Art der T\u00e4nze einzu\u00fcben.<br class=\"html-br\" \/>Daher m\u00f6chten wir euch die Gelegenheit geben und wollen ein Tanztraining f\u00fcr Fortgeschrittene anbieten. Was nicht hei\u00dfen soll, dass Einsteiger nicht willkommen w\u00e4ren. Sondern es wird bereits Tanzerfahrung im historischen Bereich vorausgesetzt. Auch, damit wir nicht zu jedem Termin bei \u201eNull\u201c anfangen m\u00fcssen.<br class=\"html-br\" \/>Wobei es sich hierbei um die Vermittlung von T\u00e4nzen, z. Bsp. aus Italien des Quattrocento (15. Jhd.) der Basse danse von D. Piacenza, G. Ebreo u. A. Cornazzano und evtl. als Ausblick (Weiterentwicklung) die T\u00e4nze des Cinqucento (16. Jhd.) und deren T\u00e4nze z. Bsp. von C. Negri oder F. Caroso handelt<\/div>\n<div class=\"x11i5rnm xat24cr x1mh8g0r x1vvkbs xtlvy1s\">Es sollten sich mind. 6 P. finden, damit es sich t\u00e4nzerisch selbstverst\u00e4ndlich lohnt.<\/div>\n<div class=\"x11i5rnm xat24cr x1mh8g0r x1vvkbs xtlvy1s\">Das bedeutet, es muss sich bis sp\u00e4testens eine Woche vorher angemeldet werden um einen \u00dcberblick zu haben und f\u00fcr die Planbarkeit, ob gen\u00fcgend Teilnehmende mit dabei sind. Ansonsten muss der jeweilige Zusatztermin f\u00fcr Fortgeschrittene leider abgesagt werden.<\/div>\n<div class=\"x11i5rnm xat24cr x1mh8g0r x1vvkbs xtlvy1s\">Hierbei w\u00fcrden, z. Bsp. bei 6 Teilnehmenden Raumkosten i. H. v. 3,- \u20ac \/P. durch die Teilnehmenden \u00fcbernommen werden m\u00fcssen.<\/div>\n<div class=\"x11i5rnm xat24cr x1mh8g0r x1vvkbs xtlvy1s\">Bitte geeignete Hallenschuhe und was zu Trinken mitbringen.<br class=\"html-br\" \/>Ein fester Tanzpartner hingegen nicht erforderlich.\u00a0<span class=\"html-span xexx8yu x4uap5 x18d9i69 xkhd6sd x1hl2dhg x16tdsg8 x1vvkbs x3nfvp2 x1j61x8r x1fcty0u xdj266r xat24cr xgzva0m xhhsvwb xxymvpz xlup9mm x1kky2od\"><img loading=\"lazy\" decoding=\"async\" class=\"xz74otr x168nmei x13lgxp2 x5pf9jr xo71vjh\" src=\"https:\/\/static.xx.fbcdn.net\/images\/emoji.php\/v9\/t57\/1\/16\/1f609.png\" alt=\"\ud83d\ude09\" width=\"16\" height=\"16\" \/><\/span><\/div>\n<div class=\"x11i5rnm xat24cr x1mh8g0r x1vvkbs xtlvy1s\">\u00dcber eine rege Teilnahme w\u00fcrden wir uns freuen.<br class=\"html-br\" \/>Euer Aturien e.V.<\/div>\n<div class=\"shariff\"><ul class=\"shariff-buttons theme-default orientation-horizontal buttonsize-medium\"><li class=\"shariff-button facebook shariff-nocustomcolor\" style=\"background-color:#4273c8\"><a href=\"https:\/\/www.facebook.com\/sharer\/sharer.php?u=https%3A%2F%2Faturien-ev.de%2F%3Ftribe_events%3Dtanztraining-vertiefung-renaissance\" title=\"Bei Facebook teilen\" aria-label=\"Bei Facebook teilen\" role=\"button\" rel=\"nofollow\" class=\"shariff-link\" style=\"; background-color:#3b5998; color:#fff\" target=\"_blank\"><span class=\"shariff-icon\" style=\"\"><svg width=\"32px\" height=\"20px\" xmlns=\"http:\/\/www.w3.org\/2000\/svg\" viewBox=\"0 0 18 32\"><path fill=\"#3b5998\" d=\"M17.1 0.2v4.7h-2.8q-1.5 0-2.1 0.6t-0.5 1.9v3.4h5.2l-0.7 5.3h-4.5v13.6h-5.5v-13.6h-4.5v-5.3h4.5v-3.9q0-3.3 1.9-5.2t5-1.8q2.6 0 4.1 0.2z\"\/><\/svg><\/span><span class=\"shariff-text\">teilen<\/span>&nbsp;<\/a><\/li><li class=\"shariff-button twitter shariff-nocustomcolor\" style=\"background-color:#595959\"><a href=\"https:\/\/twitter.com\/share?url=https%3A%2F%2Faturien-ev.de%2F%3Ftribe_events%3Dtanztraining-vertiefung-renaissance&text=Tanztraining%20%E2%80%93%20Vertiefung%20%2F%20Renaissance\" title=\"Bei X teilen\" aria-label=\"Bei X teilen\" role=\"button\" rel=\"noopener nofollow\" class=\"shariff-link\" style=\"; background-color:#000; color:#fff\" target=\"_blank\"><span class=\"shariff-icon\" style=\"\"><svg width=\"32px\" height=\"20px\" xmlns=\"http:\/\/www.w3.org\/2000\/svg\" viewBox=\"0 0 24 24\"><path fill=\"#000\" d=\"M14.258 10.152L23.176 0h-2.113l-7.747 8.813L7.133 0H0l9.352 13.328L0 23.973h2.113l8.176-9.309 6.531 9.309h7.133zm-2.895 3.293l-.949-1.328L2.875 1.56h3.246l6.086 8.523.945 1.328 7.91 11.078h-3.246zm0 0\"\/><\/svg><\/span><span class=\"shariff-text\">teilen<\/span>&nbsp;<\/a><\/li><li class=\"shariff-button threema shariff-nocustomcolor shariff-mobile\" style=\"background-color:#4fbc24\"><a href=\"threema:\/\/compose?text=Tanztraining%20%E2%80%93%20Vertiefung%20%2F%20Renaissance%20https%3A%2F%2Faturien-ev.de%2F%3Ftribe_events%3Dtanztraining-vertiefung-renaissance\" title=\"Bei Threema teilen\" aria-label=\"Bei Threema teilen\" role=\"button\" rel=\"noopener nofollow\" class=\"shariff-link\" style=\"; background-color:#1f1f1f; color:#fff\" target=\"_blank\"><span class=\"shariff-icon\" style=\"\"><svg width=\"32px\" height=\"20px\" xmlns=\"http:\/\/www.w3.org\/2000\/svg\" viewBox=\"0 0 32 32\"><path fill=\"#1f1f1f\" d=\"M30.8 10.9c-0.3-1.4-0.9-2.6-1.8-3.8-2-2.6-5.5-4.5-9.4-5.2-1.3-0.2-1.9-0.3-3.5-0.3s-2.2 0-3.5 0.3c-4 0.7-7.4 2.6-9.4 5.2-0.9 1.2-1.5 2.4-1.8 3.8-0.1 0.5-0.2 1.2-0.2 1.6 0 0.4 0.1 1.1 0.2 1.6 0.4 1.9 1.3 3.4 2.9 5 0.8 0.8 0.8 0.8 0.7 1.3 0 0.6-0.5 1.6-1.7 3.6-0.3 0.5-0.5 0.9-0.5 0.9 0 0.1 0.1 0.1 0.5 0 0.8-0.2 2.3-0.6 5.6-1.6 1.1-0.3 1.3-0.4 2.3-0.4 0.8 0 1.1 0 2.3 0.2 1.5 0.2 3.5 0.2 4.9 0 5.1-0.6 9.3-2.9 11.4-6.3 0.5-0.9 0.9-1.8 1.1-2.8 0.1-0.5 0.2-1.1 0.2-1.6 0-0.7-0.1-1.1-0.2-1.6-0.3-1.4 0.1 0.5 0 0zM20.6 17.3c0 0.4-0.4 0.8-0.8 0.8h-7.7c-0.4 0-0.8-0.4-0.8-0.8v-4.6c0-0.4 0.4-0.8 0.8-0.8h0.2l0-1.6c0-0.9 0-1.8 0.1-2 0.1-0.6 0.6-1.2 1.1-1.7s1.1-0.7 1.9-0.8c1.8-0.3 3.7 0.7 4.2 2.2 0.1 0.3 0.1 0.7 0.1 2.1v0 1.7h0.1c0.4 0 0.8 0.4 0.8 0.8v4.6zM15.6 7.3c-0.5 0.1-0.8 0.3-1.2 0.6s-0.6 0.8-0.7 1.3c0 0.2 0 0.8 0 1.5l0 1.2h4.6v-1.3c0-1 0-1.4-0.1-1.6-0.3-1.1-1.5-1.9-2.6-1.7zM25.8 28.2c0 1.2-1 2.2-2.1 2.2s-2.1-1-2.1-2.1c0-1.2 1-2.1 2.2-2.1s2.2 1 2.2 2.2zM18.1 28.2c0 1.2-1 2.2-2.1 2.2s-2.1-1-2.1-2.1c0-1.2 1-2.1 2.2-2.1s2.2 1 2.2 2.2zM10.4 28.2c0 1.2-1 2.2-2.1 2.2s-2.1-1-2.1-2.1c0-1.2 1-2.1 2.2-2.1s2.2 1 2.2 2.2z\"\/><\/svg><\/span><span class=\"shariff-text\">teilen<\/span>&nbsp;<\/a><\/li><li class=\"shariff-button whatsapp shariff-nocustomcolor\" style=\"background-color:#5cbe4a\"><a href=\"https:\/\/api.whatsapp.com\/send?text=https%3A%2F%2Faturien-ev.de%2F%3Ftribe_events%3Dtanztraining-vertiefung-renaissance%20Tanztraining%20%E2%80%93%20Vertiefung%20%2F%20Renaissance\" title=\"Bei Whatsapp teilen\" aria-label=\"Bei Whatsapp teilen\" role=\"button\" rel=\"noopener nofollow\" class=\"shariff-link\" style=\"; background-color:#34af23; color:#fff\" target=\"_blank\"><span class=\"shariff-icon\" style=\"\"><svg width=\"32px\" height=\"20px\" xmlns=\"http:\/\/www.w3.org\/2000\/svg\" viewBox=\"0 0 32 32\"><path fill=\"#34af23\" d=\"M17.6 17.4q0.2 0 1.7 0.8t1.6 0.9q0 0.1 0 0.3 0 0.6-0.3 1.4-0.3 0.7-1.3 1.2t-1.8 0.5q-1 0-3.4-1.1-1.7-0.8-3-2.1t-2.6-3.3q-1.3-1.9-1.3-3.5v-0.1q0.1-1.6 1.3-2.8 0.4-0.4 0.9-0.4 0.1 0 0.3 0t0.3 0q0.3 0 0.5 0.1t0.3 0.5q0.1 0.4 0.6 1.6t0.4 1.3q0 0.4-0.6 1t-0.6 0.8q0 0.1 0.1 0.3 0.6 1.3 1.8 2.4 1 0.9 2.7 1.8 0.2 0.1 0.4 0.1 0.3 0 1-0.9t0.9-0.9zM14 26.9q2.3 0 4.3-0.9t3.6-2.4 2.4-3.6 0.9-4.3-0.9-4.3-2.4-3.6-3.6-2.4-4.3-0.9-4.3 0.9-3.6 2.4-2.4 3.6-0.9 4.3q0 3.6 2.1 6.6l-1.4 4.2 4.3-1.4q2.8 1.9 6.2 1.9zM14 2.2q2.7 0 5.2 1.1t4.3 2.9 2.9 4.3 1.1 5.2-1.1 5.2-2.9 4.3-4.3 2.9-5.2 1.1q-3.5 0-6.5-1.7l-7.4 2.4 2.4-7.2q-1.9-3.2-1.9-6.9 0-2.7 1.1-5.2t2.9-4.3 4.3-2.9 5.2-1.1z\"\/><\/svg><\/span><span class=\"shariff-text\">teilen<\/span>&nbsp;<\/a><\/li><li class=\"shariff-button info shariff-nocustomcolor\" style=\"background-color:#eee\"><a href=\"http:\/\/ct.de\/-2467514\" title=\"Weitere Informationen\" aria-label=\"Weitere Informationen\" role=\"button\" rel=\"noopener \" class=\"shariff-link\" style=\"; background-color:#fff; color:#fff\" target=\"_blank\"><span class=\"shariff-icon\" style=\"\"><svg width=\"32px\" height=\"20px\" xmlns=\"http:\/\/www.w3.org\/2000\/svg\" viewBox=\"0 0 11 32\"><path fill=\"#999\" d=\"M11.4 24v2.3q0 0.5-0.3 0.8t-0.8 0.4h-9.1q-0.5 0-0.8-0.4t-0.4-0.8v-2.3q0-0.5 0.4-0.8t0.8-0.4h1.1v-6.8h-1.1q-0.5 0-0.8-0.4t-0.4-0.8v-2.3q0-0.5 0.4-0.8t0.8-0.4h6.8q0.5 0 0.8 0.4t0.4 0.8v10.3h1.1q0.5 0 0.8 0.4t0.3 0.8zM9.2 3.4v3.4q0 0.5-0.4 0.8t-0.8 0.4h-4.6q-0.4 0-0.8-0.4t-0.4-0.8v-3.4q0-0.4 0.4-0.8t0.8-0.4h4.6q0.5 0 0.8 0.4t0.4 0.8z\"\/><\/svg><\/span><\/a><\/li><\/ul><\/div>","protected":false},"excerpt":{"rendered":"<p>Vertiefungstanztraining: RenaissanceGrundkenntnisse im Tanzbereich 14.\/15. Jhd. sind erw\u00fcnscht. Anmeldung zwingend hier Sp\u00e4testens einen Tag vor dem Termin erhaltet Ihr eine Email mit den letzten Info zu der Veranstaltung. Eine zus\u00e4tzliche &hellip; <a href=\"https:\/\/aturien-ev.de\/?tribe_events=tanztraining-vertiefung-renaissance\" class=\"more-link\"><span class=\"screen-reader-text\">Tanztraining &#8211; Vertiefung \/ Renaissance<\/span> weiterlesen<\/a><\/p>\n","protected":false},"author":86,"featured_media":0,"template":"","meta":{"_tribe_events_status":"","_tribe_events_status_reason":"","footnotes":""},"tags":[],"tribe_events_cat":[8,22],"class_list":["post-2824","tribe_events","type-tribe_events","status-publish","hentry","tribe_events_cat-termine","tribe_events_cat-training","cat_termine","cat_training"],"jetpack_sharing_enabled":true,"_links":{"self":[{"href":"https:\/\/aturien-ev.de\/index.php?rest_route=\/wp\/v2\/tribe_events\/2824","targetHints":{"allow":["GET"]}}],"collection":[{"href":"https:\/\/aturien-ev.de\/index.php?rest_route=\/wp\/v2\/tribe_events"}],"about":[{"href":"https:\/\/aturien-ev.de\/index.php?rest_route=\/wp\/v2\/types\/tribe_events"}],"author":[{"embeddable":true,"href":"https:\/\/aturien-ev.de\/index.php?rest_route=\/wp\/v2\/users\/86"}],"version-history":[{"count":4,"href":"https:\/\/aturien-ev.de\/index.php?rest_route=\/wp\/v2\/tribe_events\/2824\/revisions"}],"predecessor-version":[{"id":2839,"href":"https:\/\/aturien-ev.de\/index.php?rest_route=\/wp\/v2\/tribe_events\/2824\/revisions\/2839"}],"wp:attachment":[{"href":"https:\/\/aturien-ev.de\/index.php?rest_route=%2Fwp%2Fv2%2Fmedia&parent=2824"}],"wp:term":[{"taxonomy":"post_tag","embeddable":true,"href":"https:\/\/aturien-ev.de\/index.php?rest_route=%2Fwp%2Fv2%2Ftags&post=2824"},{"taxonomy":"tribe_events_cat","embeddable":true,"href":"https:\/\/aturien-ev.de\/index.php?rest_route=%2Fwp%2Fv2%2Ftribe_events_cat&post=2824"}],"curies":[{"name":"wp","href":"https:\/\/api.w.org\/{rel}","templated":true}]}}